{"id":4698,"date":"2022-05-31T21:15:59","date_gmt":"2022-05-31T20:15:59","guid":{"rendered":"https:\/\/bos-scheyern.de\/bo\/?page_id=4698"},"modified":"2026-02-13T07:19:58","modified_gmt":"2026-02-13T06:19:58","slug":"erasmus-an-der-fosbos-scheyern","status":"publish","type":"page","link":"https:\/\/bos-scheyern.de\/bo\/?page_id=4698","title":{"rendered":"Erasmus+ an der FOSBOS Scheyern"},"content":{"rendered":"\n<figure class=\"wp-block-image size-full\"><img loading=\"lazy\" width=\"750\" height=\"113\" src=\"https:\/\/bos-scheyern.de\/bo\/wp-content\/uploads\/2022\/05\/Title_Erasmus.png\" alt=\"\" class=\"wp-image-4716\" srcset=\"https:\/\/bos-scheyern.de\/bo\/wp-content\/uploads\/2022\/05\/Title_Erasmus.png 750w, https:\/\/bos-scheyern.de\/bo\/wp-content\/uploads\/2022\/05\/Title_Erasmus-300x45.png 300w\" sizes=\"(max-width: 750px) 100vw, 750px\" \/><\/figure>\n\n\n\n<blockquote class=\"wp-block-quote\"><p>&#8222;One&#8217;s destination is never a place, but a new way of seeing things.&#8220;<\/p><cite>Henry Miller<\/cite><\/blockquote>\n\n\n<p>\u00a0<\/p>\n<p>Als berufliche Schule sind wir bestrebt, unsere Sch\u00fclerinnen und Sch\u00fcler auf die Anforderungen der Arbeitswelt des 21. Jahrhunderts gezielt vorzubereiten. Dazu z\u00e4hlen unter anderem Kompetenzen im Bereich digitaler Kommunikation und Zusammenarbeit mit Menschen aus verschiedenen L\u00e4ndern und Kulturen.<\/p>\n<p>Das\u00a0von der Europ\u00e4ischen Kommission finanziell gef\u00f6rderte Programm\u00a0Erasmus+ bietet <strong>vollj\u00e4hrigen<\/strong> Sch\u00fclerinnen und Sch\u00fclern der <strong>11., 12. und 13.<\/strong> Jahrgangsstufe der FOSBOS Scheyern die M\u00f6glichkeit,\u00a0das europ\u00e4ische Ausland zu besuchen und vor Ort Land und Leute im Rahmen eines <strong>zwei- bis vierw\u00f6chigen Auslandspraktikums<\/strong> kennenzulernen. Diese einmalige Gelegenheit soll unter anderem dazu beitragen, den eigenen Berufs- bzw. Studienwunsch zu festigen bzw. n\u00e4her einzugrenzen, pers\u00f6nlich \u00fcber sich hinauszuwachsen und Stereotype abzubauen.<\/p>\n<p style=\"text-align: left;\">Ausgew\u00e4hlte Sch\u00fclerinnen und Sch\u00fcler k\u00f6nnen ab Juni 2022 die M\u00f6glichkeit ergreifen, solch bedeutsame Kompetenzen in <strong>Staaten der Europ\u00e4ischen Union sowie Norwegen, Island, Liechtenstein, Nordmazedonien, Serbien oder der T\u00fcrkei<\/strong> zu erwerben bzw. auszubauen und erhalten f\u00fcr ihren Aufenthalt finanzielle Unterst\u00fctzung, insbesondere f\u00fcr Reisekosten und Unterkunft. Einige Praktikumspl\u00e4tze k\u00f6nnen \u00fcber das Netzwerk der Schule vermittelt werden, aktuell in D\u00e4nemark, Frankreich, Schweden und Spanien. Es besteht aber auch die M\u00f6glichkeit, einen auf die eigenen Interessen und Studienpl\u00e4ne ausgelegten Praktikumsplatz selbst zu organisieren.<\/p>\n<p>Begegnung, interkulturelle Bildung und die Weiterentwicklung der eigenen Pers\u00f6nlichkeit &#8211; daf\u00fcr steht das EU-Programm Erasmus+, das sich die F\u00f6rderung der europaweiten Zusammenarbeit und der Mobilit\u00e4t von EU-B\u00fcrgerinnen und B\u00fcrgern zum Ziel gesetzt hat.<\/p>\n<p>Seit Juli 2022 bis Oktober 2025 haben 41 Sch\u00fclerinnen und Sch\u00fcler aus verschiedenen Jahrg\u00e4ngen der FOS und BOS ein Erasmus+ Praktikum im europ\u00e4ischen Ausland absolviert. Unsere Praktikantinnen und Praktikanten konnten bereits folgende Orte f\u00fcr sich entdecken:<\/p>\n<ul>\n<li>D\u00e4nemark: Kopenhagen<\/li>\n<li>Frankreich: Paris, Pertuis<\/li>\n<li>Irland: Cork<\/li>\n<li>Niederlande: Dronten<\/li>\n<li>Schweden: Arvika, Lund<\/li>\n<li>Spanien: Barcelona, Teneriffa, Valencia<\/li>\n<\/ul>\n\n\n<div style=\"height:20px\" aria-hidden=\"true\" class=\"wp-block-spacer\"><\/div>\n\n\n\n<figure class=\"wp-block-image size-large\"><img loading=\"lazy\" width=\"1024\" height=\"139\" src=\"https:\/\/bos-scheyern.de\/bo\/wp-content\/uploads\/2022\/05\/Bild_Erasmus-1024x139.png\" alt=\"\" class=\"wp-image-4701\" srcset=\"https:\/\/bos-scheyern.de\/bo\/wp-content\/uploads\/2022\/05\/Bild_Erasmus-1024x139.png 1024w, https:\/\/bos-scheyern.de\/bo\/wp-content\/uploads\/2022\/05\/Bild_Erasmus-300x41.png 300w, https:\/\/bos-scheyern.de\/bo\/wp-content\/uploads\/2022\/05\/Bild_Erasmus-768x105.png 768w, https:\/\/bos-scheyern.de\/bo\/wp-content\/uploads\/2022\/05\/Bild_Erasmus.png 1153w\" sizes=\"(max-width: 1024px) 100vw, 1024px\" \/><\/figure>\n\n\n\n<div style=\"height:20px\" aria-hidden=\"true\" class=\"wp-block-spacer\"><\/div>\n\n\n\n<h2>Eindr\u00fccke &amp; Erfahrungen<\/h2>\n\n\n<!-- This slideshow output is generated with Advanced post slider a multipurpose responsive WordPress slideshow plugin - http:\/\/www.wpcue.com\/wordpress-plugins\/advanced-post-slider\/ -->\r\n<style>\r\n#advps_container4 .bx-wrapper .bx-viewport {\r\n\t\t-moz-box-shadow: 0px 1px 4px #000000;\r\n\t-webkit-box-shadow: 0px 1px 4px #000000;\r\n\tbox-shadow: 0px 1px 4px #000000;\r\n\t\tborder: 1px solid #ffffff;\r\n\t\tbackground:#FFFFFF;\r\n}\r\n#advps_container4 .bx-wrapper .bx-pager{\r\n\ttext-align: center;\r\n\t;\r\n}\r\n#advps_container4 .bx-wrapper .bx-pager\r\n{\r\n\tbottom:-35px;\r\n\tz-index:999;\r\n}\r\n#advps_container4 .bx-wrapper .bx-controls-auto\r\n{\r\n\tbottom:6px;\r\n}\r\n#advps_container4 .bx-wrapper .bx-controls.bx-has-controls-auto.bx-has-pager .bx-pager {\r\n\ttext-align: center;\r\n}\r\n#advps_container4 .bx-wrapper .bx-controls-auto {\r\n\tz-index:99999;\r\n\ttext-align:center;width:100%;}\r\n\r\n#advps_container4 .bx-wrapper .bx-pager.bx-default-pager a {\r\n\tbackground: #666;\r\n\ttext-indent: -9999px;\r\n\tdisplay: block;\r\n\twidth: 10px;\r\n\theight: 10px;\r\n\tmargin: 0 5px;\r\n\toutline: 0;\r\n\t-moz-border-radius: 5px;\r\n\t-webkit-border-radius: 5px;\r\n\tborder-radius: 5px;\r\n\ttext-align:left;\r\n}\r\n#advps_container4 .bx-wrapper .bx-pager.bx-default-pager a:hover,\r\n#advps_container4 .bx-wrapper .bx-pager.bx-default-pager a.active {\r\n\tbackground: #000;\r\n}\r\n\r\n\/* thumbnail pager*\/\r\n#advps_container4 #bx-pager\r\n{\r\n\twidth:100%;\r\n\tposition:absolute;\r\n\tbottom:-35px;\r\n    text-align: center;\r\n\tz-index: 9999;\r\n}\r\n#advps_container4 #bx-pager a img\r\n{\r\n\tborder: 1px solid #CCCCCC;\r\n    padding: 3px;\r\n}\r\n#advps_container4 #bx-pager a:hover img, #advps_container4 #bx-pager a.active img\r\n{\r\n\tborder: 1px solid #666666;\r\n}\r\n\/* medai queries *\/\r\n#advps_container4 .advs-title,#advps_container4 .advs-title a\r\n{\r\n\tfont-size:20px;\r\n\tline-height:20px;\r\n}\r\n#advps_container4 .advps-slide p\r\n{\r\n\tfont-size:14px;\r\n\tline-height:14px;\r\n}\r\n@media screen and (max-width: 1024px){\r\n\t#advps_container4 .advs-title,#advps_container4 .advs-title a\r\n\t{\r\n\t\tfont-size:18px;\r\n\t\tline-height:18px;\r\n\t}\r\n\t#advps_container4 .advps-slide p\r\n\t{\r\n\t\tfont-size:12px;\r\n\t\tline-height:12px;\r\n\t}\r\n}\r\n@media screen and (max-width: 768px){\r\n\t#advps_container4 h2.advs-title, #advps_container4 h2.advs-title a\r\n\t{\r\n\t\tfont-size:16px;\r\n\t\tline-height:16px;\r\n\t}\r\n\t#advps_container4 .advps-slide p\r\n\t{\r\n\t\tfont-size:12px;\r\n\t\tline-height:12px;\r\n\t}\r\n}\r\n@media screen and (max-width: 650px){\r\n\t#advps_container4 h2.advs-title, #advps_container4 h2.advs-title a\r\n\t{\r\n\t\tfont-size:15px;\r\n\t\tline-height:15px;\r\n\t}\r\n\t#advps_container4 .advps-slide p\r\n\t{\r\n\t\tfont-size:12px;\r\n\t\tline-height:12px;\r\n\t}\r\n}\r\n@media screen and (max-width: 480px){\r\n\t#advps_container4 h2.advs-title, #advps_container4 h2.advs-title a\r\n\t{\r\n\t\tfont-size:15px;\r\n\t\tline-height:15px;\r\n\t}\r\n\t#advps_container4 .advps-slide p\r\n\t{\r\n\t\tfont-size:12px;\r\n\t\tline-height:12px;\r\n\t}\r\n}\r\n@media screen and (max-width: 320px){\r\n\t#advps_container4 h2.advs-title, #advps_container4 h2.advs-title a\r\n\t{\r\n\t\tfont-size:15px;\r\n\t\tline-height:15px;\r\n\t}\r\n\t#advps_container4 .advps-slide p\r\n\t{\r\n\t\tfont-size:12px;\r\n\t\tline-height:12px;\r\n\t}\r\n}\r\n<\/style>\r\n<script type=\"text\/javascript\">\r\n\t\tjQuery(document).ready(function($){\r\n\t\t\t$('#advpsslideshow_4').bxSlider({\r\n\t\t\t\tuseCSS:1,\r\n\t\t\t\tslideMargin: 0,\r\n\t\t\t\tspeed: 2000,\t\t\t\t\r\n\t\t\t\t\t\t\t\tmode: 'fade',\r\n\t\t\t\t\t\t\t\t\t\t\t\tauto: 1,\r\n\t\t\t\tautoHover: 1,\r\n\t\t\t\tpause: 3000,\r\n\t\t\t\teasing: 'linear',\r\n\t\t\t\tcontrols: 1,\r\n\t\t\t\tpager: 1,\r\n  \t\t\t\tautoControls: 1\t\t\t\t\t\t\t});\r\n\t\t\t\t\t\t\t$(\"#advpsslideshow_4 .advs-title a\").hover(function(){\r\n\t\t\t\t\t$(this).css('color','#c9c9c9');\r\n\t\t\t\t},function(){\r\n\t\t\t\t\t$(this).css('color','#FFFFFF');\r\n\t\t\t\t});\r\n\t\t\t\t\t\t$(\"#advpsslideshow_4 .advps-slide\").hover(function(){\r\n\t\t\t\t  \t\t\t\t  if(!$(this).find(\".advps-excerpt-one\").is(\":animated\")){\t\t\t\t\t  \r\n\t\t\t\t\t  $(this).find(\".advps-excerpt-one\").fadeIn(200,'linear',function(){});\r\n\t\t\t\t  }\r\n\t\t\t\t  \t\t\t},function(){\r\n\t\t\t\t\t\t\t\t$(this).find(\".advps-excerpt-one\").fadeOut(200,'linear',function(){});\r\n\t\t\t\t\t\t\t});\r\n\t\t});\r\n\t<\/script>\r\n<div id=\"advps_container4\" class=\"advps-slide-container\" style=\"overflow:hidden;max-width:600px;margin:auto;\">\r\n \r\n  <div id=\"advpsslideshow_4\">\r\n        <div class=\"advps-slide\">\r\n\t<a target=\"_self\" href=\"https:\/\/bos-scheyern.de\/bo\/?p=5505\" >      <img src=\"https:\/\/bos-scheyern.de\/bo\/wp-content\/uploads\/2023\/07\/Erasmus-Praktikum_Lorenz-Schenkel-700x400.jpg\" width=\"700\" height=\"400\" alt=\"Erasmus+ &#8211; eine &#8222;Erfahrrad&#8220; wert: Mein Praktikum in den Niederlanden\" \/>      <\/a>       \r\n      <div class=\"advps-excerpt-one\" style=\"width:100%;height:30%;display:none;bottom:0; left:0;\">\r\n      \t<div class=\"advps-overlay-one\" style=\"background-color:#174891; -moz-opacity:0.6;filter:alpha(opacity=60);opacity:0.6;\"><\/div>\r\n        <div class=\"advps-excerpt-block-one\" style=\"text-align:left;color:#FFFFFF;-moz-opacity:1;filter:alpha(opacity=100);opacity:1;\">        \r\n        <h2 class=\"advs-title\" style=\"margin:5px 0px 10px 0px;color:#FFFFFF\"><a target=\"_self\" href=\"https:\/\/bos-scheyern.de\/bo\/?p=5505\" style=\"margin:5px 0px 10px 0px;color:#FFFFFF\" >Erasmus+ &#8211; eine &#8222;Erfahrrad&#8220; wert: Mein Praktikum in den Niederlanden<\/a><\/h2>\r\n          \r\n            <p>Mein Name ist Lorenz, ich bin 21 Jahre alt und habe im Schuljahr 2021\/22 den Technik Zweig der BOS besucht. Nachdem ich mich f\u00fcr das <a class=\"more-link\" href=\"https:\/\/bos-scheyern.de\/bo\/?p=5505\">weiterlesen<span class=\"screen-reader-text\">Erasmus+ &#8211; eine &#8222;Erfahrrad&#8220; wert: Mein Praktikum in den Niederlanden<\/span><span class=\"meta-nav\">\u2192<\/span><\/a><\/p>\n        <\/div>\r\n      <\/div>\r\n    <\/div>\r\n        <div class=\"advps-slide\">\r\n\t<a target=\"_self\" href=\"https:\/\/bos-scheyern.de\/bo\/?p=5509\" >      <img src=\"https:\/\/bos-scheyern.de\/bo\/wp-content\/uploads\/2023\/07\/Erasmus-Paris_Sina-Marie-Dichtl-700x400.jpg\" width=\"700\" height=\"400\" alt=\"Erfahrungsbericht \u2013 zweiw\u00f6chiges Erasmus+ -Praktikum in Paris\" \/>      <\/a>       \r\n      <div class=\"advps-excerpt-one\" style=\"width:100%;height:30%;display:none;bottom:0; left:0;\">\r\n      \t<div class=\"advps-overlay-one\" style=\"background-color:#174891; -moz-opacity:0.6;filter:alpha(opacity=60);opacity:0.6;\"><\/div>\r\n        <div class=\"advps-excerpt-block-one\" style=\"text-align:left;color:#FFFFFF;-moz-opacity:1;filter:alpha(opacity=100);opacity:1;\">        \r\n        <h2 class=\"advs-title\" style=\"margin:5px 0px 10px 0px;color:#FFFFFF\"><a target=\"_self\" href=\"https:\/\/bos-scheyern.de\/bo\/?p=5509\" style=\"margin:5px 0px 10px 0px;color:#FFFFFF\" >Erfahrungsbericht \u2013 zweiw\u00f6chiges Erasmus+ -Praktikum in Paris<\/a><\/h2>\r\n          \r\n            <p>\u201eEine Fremdsprache lernt man, um in einem fremden Land nicht nur ein Fremder zu sein\u201c Genau das trifft zu, wenn man fremde L\u00e4nder entdeckt. Jene <a class=\"more-link\" href=\"https:\/\/bos-scheyern.de\/bo\/?p=5509\">weiterlesen<span class=\"screen-reader-text\">Erfahrungsbericht \u2013 zweiw\u00f6chiges Erasmus+ -Praktikum in Paris<\/span><span class=\"meta-nav\">\u2192<\/span><\/a><\/p>\n        <\/div>\r\n      <\/div>\r\n    <\/div>\r\n        <div class=\"advps-slide\">\r\n\t<a target=\"_self\" href=\"https:\/\/bos-scheyern.de\/bo\/?p=6457\" >      <img src=\"https:\/\/bos-scheyern.de\/bo\/wp-content\/uploads\/2025\/02\/Foto_Valencia_Anna-Siegl-scaled-700x400.jpg\" width=\"700\" height=\"400\" alt=\"Mein Erasmus+ Aufenthalt in Valencia: Ein Sommer voller Sonne, Tapas und spanischer Lebensfreude\" \/>      <\/a>       \r\n      <div class=\"advps-excerpt-one\" style=\"width:100%;height:30%;display:none;bottom:0; left:0;\">\r\n      \t<div class=\"advps-overlay-one\" style=\"background-color:#174891; -moz-opacity:0.6;filter:alpha(opacity=60);opacity:0.6;\"><\/div>\r\n        <div class=\"advps-excerpt-block-one\" style=\"text-align:left;color:#FFFFFF;-moz-opacity:1;filter:alpha(opacity=100);opacity:1;\">        \r\n        <h2 class=\"advs-title\" style=\"margin:5px 0px 10px 0px;color:#FFFFFF\"><a target=\"_self\" href=\"https:\/\/bos-scheyern.de\/bo\/?p=6457\" style=\"margin:5px 0px 10px 0px;color:#FFFFFF\" >Mein Erasmus+ Aufenthalt in Valencia: Ein Sommer voller Sonne, Tapas und spanischer Lebensfreude<\/a><\/h2>\r\n          \r\n            <p>Diesen Sommer hatte ich das unglaubliche Gl\u00fcck, vier Wochen in Valencia, Spanien, zu verbringen \u2013 und was f\u00fcr eine Zeit das war! Als Teil meines <a class=\"more-link\" href=\"https:\/\/bos-scheyern.de\/bo\/?p=6457\">weiterlesen<span class=\"screen-reader-text\">Mein Erasmus+ Aufenthalt in Valencia: Ein Sommer voller Sonne, Tapas und spanischer Lebensfreude<\/span><span class=\"meta-nav\">\u2192<\/span><\/a><\/p>\n        <\/div>\r\n      <\/div>\r\n    <\/div>\r\n        <div class=\"advps-slide\">\r\n\t<a target=\"_self\" href=\"https:\/\/bos-scheyern.de\/bo\/?p=6453\" >      <img src=\"https:\/\/bos-scheyern.de\/bo\/wp-content\/uploads\/2025\/02\/Foto_Irland_Patrick-Schipp-700x400.jpg\" width=\"700\" height=\"400\" alt=\"Mein Erasmus+ Praktikum in Irland \u2013 G\u00e4rtnern in historischem Gel\u00e4nde\" \/>      <\/a>       \r\n      <div class=\"advps-excerpt-one\" style=\"width:100%;height:30%;display:none;bottom:0; left:0;\">\r\n      \t<div class=\"advps-overlay-one\" style=\"background-color:#174891; -moz-opacity:0.6;filter:alpha(opacity=60);opacity:0.6;\"><\/div>\r\n        <div class=\"advps-excerpt-block-one\" style=\"text-align:left;color:#FFFFFF;-moz-opacity:1;filter:alpha(opacity=100);opacity:1;\">        \r\n        <h2 class=\"advs-title\" style=\"margin:5px 0px 10px 0px;color:#FFFFFF\"><a target=\"_self\" href=\"https:\/\/bos-scheyern.de\/bo\/?p=6453\" style=\"margin:5px 0px 10px 0px;color:#FFFFFF\" >Mein Erasmus+ Praktikum in Irland \u2013 G\u00e4rtnern in historischem Gel\u00e4nde<\/a><\/h2>\r\n          \r\n            <p>Beim Kofferpacken hatte ich die Klischees im Kopf: In Irland ist es kalt, in Irland ist es windig, in Irland regnet es. Als ich dann <a class=\"more-link\" href=\"https:\/\/bos-scheyern.de\/bo\/?p=6453\">weiterlesen<span class=\"screen-reader-text\">Mein Erasmus+ Praktikum in Irland \u2013 G\u00e4rtnern in historischem Gel\u00e4nde<\/span><span class=\"meta-nav\">\u2192<\/span><\/a><\/p>\n        <\/div>\r\n      <\/div>\r\n    <\/div>\r\n        <div class=\"advps-slide\">\r\n\t<a target=\"_self\" href=\"https:\/\/bos-scheyern.de\/bo\/?p=5390\" >      <img src=\"https:\/\/bos-scheyern.de\/bo\/wp-content\/uploads\/2023\/07\/Erasmus_Praktikum_Lund_Fabienne-Hessberg-scaled-700x400.jpg\" width=\"700\" height=\"400\" alt=\"Hall\u00e5 &#8211; Hello &#8211; Hallo\" \/>      <\/a>       \r\n      <div class=\"advps-excerpt-one\" style=\"width:100%;height:30%;display:none;bottom:0; left:0;\">\r\n      \t<div class=\"advps-overlay-one\" style=\"background-color:#174891; -moz-opacity:0.6;filter:alpha(opacity=60);opacity:0.6;\"><\/div>\r\n        <div class=\"advps-excerpt-block-one\" style=\"text-align:left;color:#FFFFFF;-moz-opacity:1;filter:alpha(opacity=100);opacity:1;\">        \r\n        <h2 class=\"advs-title\" style=\"margin:5px 0px 10px 0px;color:#FFFFFF\"><a target=\"_self\" href=\"https:\/\/bos-scheyern.de\/bo\/?p=5390\" style=\"margin:5px 0px 10px 0px;color:#FFFFFF\" >Hall\u00e5 &#8211; Hello &#8211; Hallo<\/a><\/h2>\r\n          \r\n            <p>Auf unserer Reise nach Schweden in die wundersch\u00f6ne Stadt Lund haben wir sehr viel erlebt.\u00a0Wir, Judith und Lisa, haben 2022 am F\u00f6rderprogramm Erasmus+ teilgenommen. Ein <a class=\"more-link\" href=\"https:\/\/bos-scheyern.de\/bo\/?p=5390\">weiterlesen<span class=\"screen-reader-text\">Hall\u00e5 &#8211; Hello &#8211; Hallo<\/span><span class=\"meta-nav\">\u2192<\/span><\/a><\/p>\n        <\/div>\r\n      <\/div>\r\n    <\/div>\r\n        <div class=\"advps-slide\">\r\n\t<a target=\"_self\" href=\"https:\/\/bos-scheyern.de\/bo\/?p=5507\" >      <img src=\"https:\/\/bos-scheyern.de\/bo\/wp-content\/uploads\/2023\/07\/Erasmus_-Kopenhagen_Nina-Schrader-scaled-700x400.jpg\" width=\"700\" height=\"400\" alt=\"Velkommen til k\u00f8benhavn &#8211; Mein Erasmus+ -Praktikum in D\u00e4nemark\" \/>      <\/a>       \r\n      <div class=\"advps-excerpt-one\" style=\"width:100%;height:30%;display:none;bottom:0; left:0;\">\r\n      \t<div class=\"advps-overlay-one\" style=\"background-color:#174891; -moz-opacity:0.6;filter:alpha(opacity=60);opacity:0.6;\"><\/div>\r\n        <div class=\"advps-excerpt-block-one\" style=\"text-align:left;color:#FFFFFF;-moz-opacity:1;filter:alpha(opacity=100);opacity:1;\">        \r\n        <h2 class=\"advs-title\" style=\"margin:5px 0px 10px 0px;color:#FFFFFF\"><a target=\"_self\" href=\"https:\/\/bos-scheyern.de\/bo\/?p=5507\" style=\"margin:5px 0px 10px 0px;color:#FFFFFF\" >Velkommen til k\u00f8benhavn &#8211; Mein Erasmus+ -Praktikum in D\u00e4nemark<\/a><\/h2>\r\n          \r\n            <p>W\u00e4hrend die anderen Sch\u00fcler der FOSBOS Scheyern bereits in die wohlverdienten Sommerferien nach dem (Fach-) Abitur starteten, hatte ich die M\u00f6glichkeit, zwei Wochen in ein <a class=\"more-link\" href=\"https:\/\/bos-scheyern.de\/bo\/?p=5507\">weiterlesen<span class=\"screen-reader-text\">Velkommen til k\u00f8benhavn &#8211; Mein Erasmus+ -Praktikum in D\u00e4nemark<\/span><span class=\"meta-nav\">\u2192<\/span><\/a><\/p>\n        <\/div>\r\n      <\/div>\r\n    <\/div>\r\n      <\/div>\r\n  <\/div><!-- end advps-slide-container -->\r\n<!-- \/ Advanced post slider a multipurpose responsive slideshow plugin -->\r\n\n","protected":false},"excerpt":{"rendered":"<p>&#8222;One&#8217;s destination is never a place, but a new way of seeing things.&#8220; Henry Miller \u00a0 Als berufliche Schule sind wir bestrebt, unsere Sch\u00fclerinnen und <a class=\"more-link\" href=\"https:\/\/bos-scheyern.de\/bo\/?p=5507\">weiterlesen<span class=\"screen-reader-text\">Velkommen til k\u00f8benhavn &#8211; Mein Erasmus+ -Praktikum in D\u00e4nemark<\/span><span class=\"meta-nav\">\u2192<\/span><\/a><\/p>\n","protected":false},"author":13,"featured_media":0,"parent":0,"menu_order":29,"comment_status":"closed","ping_status":"closed","template":"","meta":[],"_links":{"self":[{"href":"https:\/\/bos-scheyern.de\/bo\/index.php?rest_route=\/wp\/v2\/pages\/4698"}],"collection":[{"href":"https:\/\/bos-scheyern.de\/bo\/index.php?rest_route=\/wp\/v2\/pages"}],"about":[{"href":"https:\/\/bos-scheyern.de\/bo\/index.php?rest_route=\/wp\/v2\/types\/page"}],"author":[{"embeddable":true,"href":"https:\/\/bos-scheyern.de\/bo\/index.php?rest_route=\/wp\/v2\/users\/13"}],"replies":[{"embeddable":true,"href":"https:\/\/bos-scheyern.de\/bo\/index.php?rest_route=%2Fwp%2Fv2%2Fcomments&post=4698"}],"version-history":[{"count":13,"href":"https:\/\/bos-scheyern.de\/bo\/index.php?rest_route=\/wp\/v2\/pages\/4698\/revisions"}],"predecessor-version":[{"id":6980,"href":"https:\/\/bos-scheyern.de\/bo\/index.php?rest_route=\/wp\/v2\/pages\/4698\/revisions\/6980"}],"wp:attachment":[{"href":"https:\/\/bos-scheyern.de\/bo\/index.php?rest_route=%2Fwp%2Fv2%2Fmedia&parent=4698"}],"curies":[{"name":"wp","href":"https:\/\/api.w.org\/{rel}","templated":true}]}}