{"id":6103,"date":"2024-09-09T07:31:33","date_gmt":"2024-09-09T05:31:33","guid":{"rendered":"https:\/\/bos-scheyern.de\/bo\/?page_id=6103"},"modified":"2026-04-12T11:22:31","modified_gmt":"2026-04-12T09:22:31","slug":"fosbos-scheyern-schule-ohne-rassismus-schule-mit-courage","status":"publish","type":"page","link":"https:\/\/bos-scheyern.de\/bo\/?page_id=6103","title":{"rendered":"AG \u201eSchule ohne Rassismus, Schule mit Courage\u201c"},"content":{"rendered":"\n<div style=\"height:20px\" aria-hidden=\"true\" class=\"wp-block-spacer\"><\/div>\n\n\n\n<div class=\"wp-block-image is-style-default\"><figure class=\"alignright size-large is-resized\"><img loading=\"lazy\" src=\"https:\/\/bos-scheyern.de\/bo\/wp-content\/uploads\/2024\/09\/Schule_ohne_Rassismus.svg-1024x351.png\" alt=\"\" class=\"wp-image-6114\" width=\"359\" height=\"122\"\/><\/figure><\/div>\n\n\n\n<p>Seit 2020 ist unsere Schule, die FOSBOS Scheyern, Teil des Schulnetzwerkes \u201eSchule ohne Rassismus \u2013 Schule mit Courage\u201c und setzt sich aktiv gegen jede Form von Ausgrenzung und Diskriminierung ein. Durch Projekte, Aktionstage und Workshops m\u00f6chten wir einen Beitrag zu einer offenen und toleranten Schulgemeinschaft leisten und aufzeigen, wie wichtig uns ein respektvoller Umgang miteinander ist. <\/p>\n\n\n\n<div style=\"height:20px\" aria-hidden=\"true\" class=\"wp-block-spacer\"><\/div>\n\n\n\n<div class=\"wp-block-image is-style-default\"><figure class=\"alignleft size-medium is-resized\"><img loading=\"lazy\" src=\"https:\/\/bos-scheyern.de\/bo\/wp-content\/uploads\/2026\/04\/Team-SoR-2026-213x300.jpeg\" alt=\"\" class=\"wp-image-7004\" width=\"186\" height=\"262\" srcset=\"https:\/\/bos-scheyern.de\/bo\/wp-content\/uploads\/2026\/04\/Team-SoR-2026-213x300.jpeg 213w, https:\/\/bos-scheyern.de\/bo\/wp-content\/uploads\/2026\/04\/Team-SoR-2026-726x1024.jpeg 726w, https:\/\/bos-scheyern.de\/bo\/wp-content\/uploads\/2026\/04\/Team-SoR-2026-768x1083.jpeg 768w, https:\/\/bos-scheyern.de\/bo\/wp-content\/uploads\/2026\/04\/Team-SoR-2026-1089x1536.jpeg 1089w, https:\/\/bos-scheyern.de\/bo\/wp-content\/uploads\/2026\/04\/Team-SoR-2026-1452x2048.jpeg 1452w, https:\/\/bos-scheyern.de\/bo\/wp-content\/uploads\/2026\/04\/Team-SoR-2026-scaled.jpeg 1815w\" sizes=\"(max-width: 186px) 100vw, 186px\" \/><\/figure><\/div>\n\n\n\n<p><\/p>\n\n\n\n<p>Mit frischem Schwung und zahlreichen neuen Mitgliedern ist die AG \u201eSchule ohne Rassismus, Schule mit Courage\u201c unter der Leitung von Frau Thalmeier und Herrn Feyrer in das neue Schuljahr gestartet. Mit Herrn Feyrer hat das Team eine engagierte Verst\u00e4rkung erhalten. <\/p>\n\n\n\n<p>Das Schuljahr 2025\/26 stand unter dem Leitmotiv <strong>\u201eSternstunden der Zukunft\u201c<\/strong>. In diesem Rahmen gestaltete die AG erneut die Adventsimpulse, leistete einen Beitrag zum \u201eTag des Gedenkens an die Opfer des Nationalsozialismus\u201c und f\u00fchrte mehrere Workshops zu aktuellen gesellschaftspolitischen Themen durch.<\/p>\n\n\n\n<div style=\"height:20px\" aria-hidden=\"true\" class=\"wp-block-spacer\"><\/div>\n\n\n\n<p><\/p>\n\n\n\n<p><\/p>\n\n\n\n<p>Im Zuge der \u201eWochen gegen Rassismus\u201c der Stadt Pfaffenhofen werden die erarbeiteten Ergebnisse im Landratsamt in einer Ausstellung pr\u00e4sentiert. <\/p>\n\n\n\n<p>Auch im Schulleben war die AG pr\u00e4sent: Beim Christkindelmarkt wurde Kinderpunsch verkauft, wobei der gesamte Erl\u00f6s der SMV zugutekam. Am Tag der offenen Schule informierten Stellw\u00e4nde und Beitr\u00e4ge \u00fcber unsere Projekte und luden zum Austausch ein.<\/p>\n\n\n\n<p>Unsere AG bleibt damit ein fester Bestandteil des schulischen Engagements f\u00fcr Respekt, Gleichberechtigung und demokratische Werte.<\/p>\n\n\n\n<div style=\"height:40px\" aria-hidden=\"true\" class=\"wp-block-spacer\"><\/div>\n\n\n\n<h2 class=\"has-text-align-left\">Eindr\u00fccke von unserer Arbeit<\/h2>\n\n\n\n<div style=\"height:40px\" aria-hidden=\"true\" class=\"wp-block-spacer\"><\/div>\n\n\n\n<p><\/p>\n\n\n\n<div class=\"wp-block-media-text alignwide has-media-on-the-right is-stacked-on-mobile\"><figure class=\"wp-block-media-text__media\"><a href=\"https:\/\/bos-scheyern.de\/bo\/?page_id=6118\" target=\"_blank\" rel=\"noopener\"><img loading=\"lazy\" width=\"1024\" height=\"768\" src=\"https:\/\/bos-scheyern.de\/bo\/wp-content\/uploads\/2024\/09\/20221208_215248-1024x768.jpg\" alt=\"\" class=\"wp-image-6117 size-full\" srcset=\"https:\/\/bos-scheyern.de\/bo\/wp-content\/uploads\/2024\/09\/20221208_215248-1024x768.jpg 1024w, https:\/\/bos-scheyern.de\/bo\/wp-content\/uploads\/2024\/09\/20221208_215248-300x225.jpg 300w, https:\/\/bos-scheyern.de\/bo\/wp-content\/uploads\/2024\/09\/20221208_215248-200x150.jpg 200w, https:\/\/bos-scheyern.de\/bo\/wp-content\/uploads\/2024\/09\/20221208_215248-768x576.jpg 768w, https:\/\/bos-scheyern.de\/bo\/wp-content\/uploads\/2024\/09\/20221208_215248-1536x1152.jpg 1536w, https:\/\/bos-scheyern.de\/bo\/wp-content\/uploads\/2024\/09\/20221208_215248-2048x1536.jpg 2048w\" sizes=\"(max-width: 1024px) 100vw, 1024px\" \/><\/a><\/figure><div class=\"wp-block-media-text__content\">\n<p class=\"has-medium-font-size\"><a href=\"https:\/\/bos-scheyern.de\/bo\/?page_id=6118\" data-type=\"URL\" data-id=\"https:\/\/bos-scheyern.de\/bo\/?page_id=6118\" target=\"_blank\" rel=\"noreferrer noopener\">Mottos der vergangenen Schuljahre<\/a><\/p>\n<\/div><\/div>\n\n\n\n<div class=\"wp-block-media-text alignwide is-stacked-on-mobile\"><figure class=\"wp-block-media-text__media\"><a href=\"https:\/\/bos-scheyern.de\/bo\/?page_id=6125\" target=\"_blank\" rel=\"noopener\"><img loading=\"lazy\" width=\"792\" height=\"592\" src=\"https:\/\/bos-scheyern.de\/bo\/wp-content\/uploads\/2024\/09\/bearbeitet10.png\" alt=\"\" class=\"wp-image-6124 size-full\" srcset=\"https:\/\/bos-scheyern.de\/bo\/wp-content\/uploads\/2024\/09\/bearbeitet10.png 792w, https:\/\/bos-scheyern.de\/bo\/wp-content\/uploads\/2024\/09\/bearbeitet10-300x224.png 300w, https:\/\/bos-scheyern.de\/bo\/wp-content\/uploads\/2024\/09\/bearbeitet10-200x150.png 200w, https:\/\/bos-scheyern.de\/bo\/wp-content\/uploads\/2024\/09\/bearbeitet10-768x574.png 768w\" sizes=\"(max-width: 792px) 100vw, 792px\" \/><\/a><\/figure><div class=\"wp-block-media-text__content\">\n<p class=\"has-medium-font-size\"><a rel=\"noreferrer noopener\" href=\"https:\/\/bos-scheyern.de\/bo\/?page_id=6125\" data-type=\"URL\" data-id=\"https:\/\/bos-scheyern.de\/bo\/?page_id=6125\" target=\"_blank\">Beteiligung an den &#8222;Wochen gegen Rassismus&#8220;<\/a><\/p>\n<\/div><\/div>\n\n\n\n<div class=\"wp-block-media-text alignwide has-media-on-the-right is-stacked-on-mobile\"><figure class=\"wp-block-media-text__media\"><a href=\"https:\/\/bos-scheyern.de\/bo\/?page_id=6129\" target=\"_blank\" rel=\"noopener\"><img loading=\"lazy\" width=\"1024\" height=\"1016\" src=\"https:\/\/bos-scheyern.de\/bo\/wp-content\/uploads\/2024\/09\/Stachelbaeren-scaled-e1725829515221-1024x1016.jpg\" alt=\"\" class=\"wp-image-6139 size-full\" srcset=\"https:\/\/bos-scheyern.de\/bo\/wp-content\/uploads\/2024\/09\/Stachelbaeren-scaled-e1725829515221-1024x1016.jpg 1024w, https:\/\/bos-scheyern.de\/bo\/wp-content\/uploads\/2024\/09\/Stachelbaeren-scaled-e1725829515221-300x298.jpg 300w, https:\/\/bos-scheyern.de\/bo\/wp-content\/uploads\/2024\/09\/Stachelbaeren-scaled-e1725829515221-768x762.jpg 768w, https:\/\/bos-scheyern.de\/bo\/wp-content\/uploads\/2024\/09\/Stachelbaeren-scaled-e1725829515221-1536x1524.jpg 1536w, https:\/\/bos-scheyern.de\/bo\/wp-content\/uploads\/2024\/09\/Stachelbaeren-scaled-e1725829515221.jpg 1946w\" sizes=\"(max-width: 1024px) 100vw, 1024px\" \/><\/a><\/figure><div class=\"wp-block-media-text__content\">\n<p class=\"has-medium-font-size\"><a href=\"https:\/\/bos-scheyern.de\/bo\/?page_id=6129\" data-type=\"URL\" data-id=\"https:\/\/bos-scheyern.de\/bo\/?page_id=6129\" target=\"_blank\" rel=\"noreferrer noopener\">Unterst\u00fctzung durch die Kabarettgruppe &#8222;Die Stachelb\u00e4ren&#8220;<\/a><\/p>\n<\/div><\/div>\n\n\n\n<p><\/p>\n\n\n\n<div class=\"wp-block-media-text alignwide is-stacked-on-mobile\"><figure class=\"wp-block-media-text__media\"><a href=\"https:\/\/bos-scheyern.de\/bo\/?page_id=6131\"><img loading=\"lazy\" width=\"792\" height=\"607\" src=\"https:\/\/bos-scheyern.de\/bo\/wp-content\/uploads\/2024\/09\/20231216_140318-scaled-e1725829612725.jpg\" alt=\"\" class=\"wp-image-6104 size-full\" srcset=\"https:\/\/bos-scheyern.de\/bo\/wp-content\/uploads\/2024\/09\/20231216_140318-scaled-e1725829612725.jpg 792w, https:\/\/bos-scheyern.de\/bo\/wp-content\/uploads\/2024\/09\/20231216_140318-scaled-e1725829612725-300x230.jpg 300w, https:\/\/bos-scheyern.de\/bo\/wp-content\/uploads\/2024\/09\/20231216_140318-scaled-e1725829612725-768x589.jpg 768w\" sizes=\"(max-width: 792px) 100vw, 792px\" \/><\/a><\/figure><div class=\"wp-block-media-text__content\">\n<p class=\"has-medium-font-size\"><a href=\"https:\/\/bos-scheyern.de\/bo\/?page_id=6131\" data-type=\"URL\" data-id=\"https:\/\/bos-scheyern.de\/bo\/?page_id=6131\" target=\"_blank\" rel=\"noreferrer noopener\">Adventsimpulse<\/a><\/p>\n<\/div><\/div>\n\n\n\n<div class=\"wp-block-media-text alignwide has-media-on-the-right is-stacked-on-mobile\"><figure class=\"wp-block-media-text__media\"><a href=\"https:\/\/bos-scheyern.de\/bo\/wp-content\/uploads\/2024\/09\/20231218_155328-scaled.jpg\"><img loading=\"lazy\" width=\"1024\" height=\"768\" src=\"https:\/\/bos-scheyern.de\/bo\/wp-content\/uploads\/2024\/09\/20231218_155328-1024x768.jpg\" alt=\"\" class=\"wp-image-6133 size-full\" srcset=\"https:\/\/bos-scheyern.de\/bo\/wp-content\/uploads\/2024\/09\/20231218_155328-1024x768.jpg 1024w, https:\/\/bos-scheyern.de\/bo\/wp-content\/uploads\/2024\/09\/20231218_155328-300x225.jpg 300w, https:\/\/bos-scheyern.de\/bo\/wp-content\/uploads\/2024\/09\/20231218_155328-200x150.jpg 200w, https:\/\/bos-scheyern.de\/bo\/wp-content\/uploads\/2024\/09\/20231218_155328-768x576.jpg 768w, https:\/\/bos-scheyern.de\/bo\/wp-content\/uploads\/2024\/09\/20231218_155328-1536x1152.jpg 1536w, https:\/\/bos-scheyern.de\/bo\/wp-content\/uploads\/2024\/09\/20231218_155328-2048x1536.jpg 2048w\" sizes=\"(max-width: 1024px) 100vw, 1024px\" \/><\/a><\/figure><div class=\"wp-block-media-text__content\">\n<p class=\"has-medium-font-size\"><a href=\"https:\/\/bos-scheyern.de\/bo\/?page_id=6135\" data-type=\"URL\" data-id=\"https:\/\/bos-scheyern.de\/bo\/?page_id=6135\" target=\"_blank\" rel=\"noreferrer noopener\">Christkindlmarkt der SMV<\/a><\/p>\n<\/div><\/div>\n\n\n\n<div class=\"wp-block-media-text alignwide is-stacked-on-mobile\"><figure class=\"wp-block-media-text__media\"><a href=\"https:\/\/bos-scheyern.de\/bo\/?page_id=6141\"><img loading=\"lazy\" width=\"1024\" height=\"768\" src=\"https:\/\/bos-scheyern.de\/bo\/wp-content\/uploads\/2024\/09\/20230130_130255-1024x768.jpg\" alt=\"\" class=\"wp-image-6138 size-full\" srcset=\"https:\/\/bos-scheyern.de\/bo\/wp-content\/uploads\/2024\/09\/20230130_130255-1024x768.jpg 1024w, https:\/\/bos-scheyern.de\/bo\/wp-content\/uploads\/2024\/09\/20230130_130255-300x225.jpg 300w, https:\/\/bos-scheyern.de\/bo\/wp-content\/uploads\/2024\/09\/20230130_130255-200x150.jpg 200w, https:\/\/bos-scheyern.de\/bo\/wp-content\/uploads\/2024\/09\/20230130_130255-768x576.jpg 768w, https:\/\/bos-scheyern.de\/bo\/wp-content\/uploads\/2024\/09\/20230130_130255-1536x1152.jpg 1536w, https:\/\/bos-scheyern.de\/bo\/wp-content\/uploads\/2024\/09\/20230130_130255-2048x1536.jpg 2048w\" sizes=\"(max-width: 1024px) 100vw, 1024px\" \/><\/a><\/figure><div class=\"wp-block-media-text__content\">\n<p class=\"has-medium-font-size\"><a rel=\"noreferrer noopener\" href=\"https:\/\/bos-scheyern.de\/bo\/?page_id=6141\" data-type=\"URL\" data-id=\"https:\/\/bos-scheyern.de\/bo\/?page_id=6141\" target=\"_blank\">Aktion zum &#8222;Tag des Gedenkens an die Opfer des Nationalsozialismus&#8220;<\/a><\/p>\n<\/div><\/div>\n","protected":false},"excerpt":{"rendered":"<p>Seit 2020 ist unsere Schule, die FOSBOS Scheyern, Teil des Schulnetzwerkes \u201eSchule ohne Rassismus \u2013 Schule mit Courage\u201c und setzt sich aktiv gegen jede Form von Ausgrenzung und Diskriminierung ein. <a class=\"more-link\" href=\"https:\/\/bos-scheyern.de\/bo\/?page_id=6103\">weiterlesen<span class=\"screen-reader-text\">AG \u201eSchule ohne Rassismus, Schule mit Courage\u201c<\/span><span class=\"meta-nav\">\u2192<\/span><\/a><\/p>\n","protected":false},"author":14,"featured_media":0,"parent":0,"menu_order":10,"comment_status":"closed","ping_status":"closed","template":"","meta":[],"_links":{"self":[{"href":"https:\/\/bos-scheyern.de\/bo\/index.php?rest_route=\/wp\/v2\/pages\/6103"}],"collection":[{"href":"https:\/\/bos-scheyern.de\/bo\/index.php?rest_route=\/wp\/v2\/pages"}],"about":[{"href":"https:\/\/bos-scheyern.de\/bo\/index.php?rest_route=\/wp\/v2\/types\/page"}],"author":[{"embeddable":true,"href":"https:\/\/bos-scheyern.de\/bo\/index.php?rest_route=\/wp\/v2\/users\/14"}],"replies":[{"embeddable":true,"href":"https:\/\/bos-scheyern.de\/bo\/index.php?rest_route=%2Fwp%2Fv2%2Fcomments&post=6103"}],"version-history":[{"count":21,"href":"https:\/\/bos-scheyern.de\/bo\/index.php?rest_route=\/wp\/v2\/pages\/6103\/revisions"}],"predecessor-version":[{"id":7008,"href":"https:\/\/bos-scheyern.de\/bo\/index.php?rest_route=\/wp\/v2\/pages\/6103\/revisions\/7008"}],"wp:attachment":[{"href":"https:\/\/bos-scheyern.de\/bo\/index.php?rest_route=%2Fwp%2Fv2%2Fmedia&parent=6103"}],"curies":[{"name":"wp","href":"https:\/\/api.w.org\/{rel}","templated":true}]}}